{"id":493,"date":"2014-12-18T16:34:11","date_gmt":"2014-12-18T16:34:11","guid":{"rendered":"http:\/\/derechosemipresencial.edu.umh.es\/?page_id=493"},"modified":"2021-09-01T15:23:53","modified_gmt":"2021-09-01T13:23:53","slug":"salidas-profesionales-habilidades-y-competencias","status":"publish","type":"page","link":"https:\/\/derechosemipresencial.umh.es\/ca\/informacion-general\/salidas-profesionales-habilidades-y-competencias\/","title":{"rendered":"Salidas profesionales y competencias"},"content":{"rendered":"<p>[et_pb_section fb_built=&#8221;1&#8243; _builder_version=&#8221;4.2.2&#8243; background_image=&#8221;https:\/\/derechosemipresencial.umh.es\/files\/2021\/06\/1500&#215;500.jpg&#8221; height=&#8221;313px&#8221; hover_enabled=&#8221;0&#8243;][et_pb_row _builder_version=&#8221;4.2.2&#8243;][et_pb_column type=&#8221;4_4&#8243; _builder_version=&#8221;4.2.2&#8243;][et_pb_text _builder_version=&#8221;4.2.2&#8243; text_font=&#8221;|600|||||||&#8221; text_text_color=&#8221;#ffffff&#8221; text_font_size=&#8221;35px&#8221; transform_translate=&#8221;1px|-55px&#8221; text_orientation=&#8221;center&#8221; module_alignment=&#8221;center&#8221;]Grado en Derecho Semipresencial[\/et_pb_text][\/et_pb_column][\/et_pb_row][\/et_pb_section][et_pb_section fb_built=&#8221;1&#8243; _builder_version=&#8221;3.22&#8243;][et_pb_row _builder_version=&#8221;3.25&#8243; background_size=&#8221;initial&#8221; background_position=&#8221;top_left&#8221; background_repeat=&#8221;repeat&#8221;][et_pb_column type=&#8221;4_4&#8243; _builder_version=&#8221;3.25&#8243; custom_padding=&#8221;|||&#8221; custom_padding__hover=&#8221;|||&#8221;][et_pb_text _builder_version=&#8221;4.2.2&#8243; background_size=&#8221;initial&#8221; background_position=&#8221;top_left&#8221; background_repeat=&#8221;repeat&#8221;]<\/p>\n<h1><strong>Salidas profesionales<\/strong><\/h1>\n<div>\n<div>\n<div>&nbsp;<\/div>\n<\/div>\n<\/div>\n<p>[\/et_pb_text][et_pb_toggle title=&#8221;SALIDAS PROFESIONALES&#8221; _builder_version=&#8221;4.2.2&#8243;]<\/p>\n<p style=\"margin-top: 0px;margin-bottom: 1rem;color: #1f1f1f;font-family: 'Open Sans', sans-serif, Helvetica, Arial;font-size: 16px\"><span style=\"font-weight: bolder\">Profesi&oacute;n regulada<\/span>: NO<\/p>\n<p style=\"margin-top: 0px;margin-bottom: 1rem;color: #1f1f1f;font-family: 'Open Sans', sans-serif, Helvetica, Arial;font-size: 16px\">1. SECTOR PRIVADO (Ejercicio profesional):<br \/>&ndash; Ejercicio profesional de la abogac&iacute;a con la posibilidad de incorporaci&oacute;n a grandes firmas de abogados.<br \/>&ndash; Ejercicio profesional como Procurador de los Tribunales.<br \/>&ndash; Actividades privadas de asesoramiento jur&iacute;dico: fiscal, laboral, administrativo o mercantil.<br \/>&ndash; Empleo en el sector de los mercados financieros (Banca, Seguros, Bolsa)<br \/>&ndash; Departamento jur&iacute;dico de empresas.<br \/>&ndash; Departamentos de Recursos Humanos.<br \/>-Gesti&oacute;n de empleo y asesoramiento sociolaboral en sindicatos, servicios de empleo, de desarrollo local y promoci&oacute;n de empleo.<br \/>&ndash; Desarrollo de su profesi&oacute;n en el &aacute;mbito internacional en general y, en particular, en el espacio de la Uni&oacute;n Europea, tanto en el &aacute;mbito funcionarial como a trav&eacute;s de la incorporaci&oacute;n a las diversas instituciones internacionales tales como la OAMI (con sede en Alicante), ONU, OIT, UNESCO. Los especialistas en Derecho Comunitario e Internacional son cada vez m&aacute;s requeridos y la gesti&oacute;n en Programas de Iniciativa comunitaria es un &aacute;rea en expansi&oacute;n.<\/p>\n<p style=\"margin-top: 0px;margin-bottom: 1rem;color: #1f1f1f;font-family: 'Open Sans', sans-serif, Helvetica, Arial;font-size: 16px\">2. ACCESO A CUERPOS DE FUNCIONARIOS. CONCURSO OPOSICI&Oacute;N:<br \/>Carrera Judicial:<br \/>&ndash; Jueces, Magistrados y Fiscales.<br \/>&ndash; Secretarios Judiciales.<br \/>&ndash; Cuerpos Jur&iacute;dico-Militares.<br \/>Cuerpo de Letrados de altos Organismos Consultivos del Estado:<br \/>&ndash; Letrados de las Cortes.<br \/>&ndash; Letrados del Consejo de Estado.<br \/>&ndash; Letrados de la Direcci&oacute;n General de Registros y del Notariado.<br \/>&ndash; Letrados del Tribunal de Cuentas.<br \/>Letrados expertos de la Administraci&oacute;n del Estado:<br \/>&ndash; Cuerpo de Abogados del Estado.<br \/>&ndash; Letrados de Ministerios.<br \/>&ndash; Cuerpo diplom&aacute;tico.<br \/>Cuerpos T&eacute;cnicos de la Administraci&oacute;n del Estado:<br \/>&ndash; Cuerpo T&eacute;cnico General.<br \/>&ndash; Cuerpos T&eacute;cnicos Especiales.<br \/>&ndash; Inspectores de Trabajo.<br \/>&ndash; Inspectores de Tributos.<br \/>Funcionarios de las Corporaciones Locales y Entes Auton&oacute;micos<br \/>&ndash; T&eacute;cnicos de la Administraci&oacute;n General y abogados de las Corporaciones Locales.<br \/>&ndash; Secretarios, interventores de Ayuntamientos.<br \/>&ndash; Cuerpo de Administradores Generales de las CCAA<br \/>Cuerpo de Funcionarios no pertenecientes a la Administraci&oacute;n General del Estado:<br \/>&ndash; Agentes de Cambio y Bolsa.<br \/>&ndash; Notarios.<br \/>&ndash; Registradores de la Propiedad.<\/p>\n<p>[\/et_pb_toggle][et_pb_toggle title=&#8221;COMPETENCIAS&#8221; _builder_version=&#8221;4.2.2&#8243;]<\/p>\n<p style=\"margin-top: 0px;margin-bottom: 1rem;color: #1f1f1f;font-family: 'Open Sans', sans-serif, Helvetica, Arial;font-size: 16px\"><em>Competencias Generales<\/em><\/p>\n<ul style=\"margin-top: 0px;margin-bottom: 1rem;color: #1f1f1f;font-family: 'Open Sans', sans-serif, Helvetica, Arial;font-size: 16px\">\n<li>Capacidad para la planificaci&oacute;n, organizaci&oacute;n, direcci&oacute;n y control de los sistemas y procesos, en un marco que garantice el respeto a los valores, derechos y principios b&aacute;sicos del ordenamiento jur&iacute;dico, la competitividad empresarial, la protecci&oacute;n y conservaci&oacute;n del medio ambiente, y el desarrollo sostenible.<\/li>\n<li>Habilidad para la aplicaci&oacute;n eficiente de herramientas conducentes a la soluci&oacute;n de problemas.<\/li>\n<li>Capacidad para el desarrollo de nuevas l&iacute;neas, procesos, proyectos y productos.<\/li>\n<li>Capacidad cr&iacute;tica y anal&iacute;tica.<\/li>\n<li>Capacidad para la evaluaci&oacute;n, optimizaci&oacute;n y confrontaci&oacute;n de criterios para la toma de decisiones.<\/li>\n<li>Capacidad de comunicaci&oacute;n en lenguajes formales, gr&aacute;ficos y simb&oacute;licos y mediante la expresi&oacute;n oral y escrita.<\/li>\n<li>Capacidad de direcci&oacute;n y coordinaci&oacute;n de personas.<\/li>\n<li>Capacidad de trabajo en equipos multidisciplinares y multiculturales.<\/li>\n<li>Capacidad de actualizaci&oacute;n de los conocimientos.<\/li>\n<li>Capacidad de consolidaci&oacute;n, ampliaci&oacute;n e integraci&oacute;n de los conocimientos.<\/li>\n<li>Capacidad de identificaci&oacute;n, interpretaci&oacute;n, formulaci&oacute;n y resoluci&oacute;n de problemas y situaciones.<\/li>\n<li>Capacidad para la utilizaci&oacute;n de las herramientas e instrumentos necesarios para observar adecuadamente los sistemas objeto de estudio.<\/li>\n<li>Conocimiento adecuado de las administraciones, empresas, instituciones, organismos p&uacute;blicos y organizaciones en general, reglamentaciones y procedimientos necesarios para la realizaci&oacute;n de trabajos y otras actividades.<\/li>\n<li>Disposici&oacute;n de metodolog&iacute;as y destrezas de autoaprendizaje eficiente para la adaptaci&oacute;n y actualizaci&oacute;n de nuevos conocimientos y avances cient&iacute;ficos, as&iacute; como de la evoluci&oacute;n de las necesidades, para adoptar una aptitud de innovaci&oacute;n y creatividad en el ejercicio de la profesi&oacute;n.<\/li>\n<\/ul>\n<p style=\"margin-top: 0px;margin-bottom: 1rem;color: #1f1f1f;font-family: 'Open Sans', sans-serif, Helvetica, Arial;font-size: 16px\"><em>Competencias Espec&iacute;ficas<\/em><\/p>\n<ul style=\"margin-top: 0px;margin-bottom: 1rem;color: #1f1f1f;font-family: 'Open Sans', sans-serif, Helvetica, Arial;font-size: 16px\">\n<li>Adquirir una conciencia cr&iacute;tica en el an&aacute;lisis del ordenamiento jur&iacute;dico.<\/li>\n<li>Dominar el sistema institucional y la forma compleja de producci&oacute;n del derecho en sus diferentes niveles: local, auton&oacute;mico, estatal, europeo e internacional.<\/li>\n<li>Desarrollar y estructurar normativas<\/li>\n<li>Comprender y aplicar los principios b&aacute;sicos de argumentaci&oacute;n jur&iacute;dica.<\/li>\n<li>Comprender la posici&oacute;n jur&iacute;dica de los ciudadanos en sus relaciones con las administraciones p&uacute;blicas y en general con los poderes p&uacute;blicos.<\/li>\n<li>Comprender y conocer c&oacute;mo funciona la empresa como sistema, sus principales &aacute;reas funcionales y la incidencia del ordenamiento mercantil, laboral y tributario en su creaci&oacute;n y desarrollo.<\/li>\n<li>Conocer las principales instituciones jur&iacute;dico-p&uacute;blicas.<\/li>\n<li>Interpretar la informaci&oacute;n contable adecuadamente y comprender las relaciones entre la contabilidad y las diversas parcelas del ordenamiento jur&iacute;dico.<\/li>\n<li>Adquirir los conocimientos b&aacute;sicos de las principales teor&iacute;as y herramientas de la ciencia econ&oacute;mica y capacidad para razonar en t&eacute;rminos econ&oacute;micos.<\/li>\n<li>Ser capaz de localizar y gestionar informaci&oacute;n de car&aacute;cter econ&oacute;mico<\/li>\n<li>Dominar los procesos de mediaci&oacute;n y negociaci&oacute;n<\/li>\n<li>Tomar conciencia de la importancia del Derecho como sistema regulador de las relaciones sociales.<\/li>\n<li>Conseguir la percepci&oacute;n del car&aacute;cter unitario del ordenamiento jur&iacute;dico y de la necesaria visi&oacute;n interdisciplinar de los problemas jur&iacute;dicos.<\/li>\n<li>Interpretar los principios y valores constitucionales como herramienta de trabajo en la aplicaci&oacute;n del ordenamiento jur&iacute;dico, interno, comunitario e internacional.<\/li>\n<li>Manejar fuentes jur&iacute;dicas (legales, jurisprudenciales y doctrinales).<\/li>\n<li>Comprender y conocer el funcionamiento de las diversas administraciones p&uacute;blicas y saber relacionarse adecuadamente con ellas.<\/li>\n<li>Leer e interpretar textos jur&iacute;dicos.<\/li>\n<li>Actuar ante los diversos &oacute;rdenes jurisdiccionales internos, comunitarios e internacionales.<\/li>\n<li>Conocer las principales instituciones jur&iacute;dico-privadas.<\/li>\n<li>Gestionar y asesorar desde el punto de vista jur&iacute;dico a las empresas, asociaciones y dem&aacute;s entidades<\/li>\n<li>Conocer el proceso de administraci&oacute;n, los roles que desempe&ntilde;a la direcci&oacute;n, y las fases en el proceso de creaci&oacute;n de empresas.<\/li>\n<li>Utilizar las habilidades de comunicaci&oacute;n para expresarse apropiadamente ante un auditorio especializado.<\/li>\n<li>Redactar escritos jur&iacute;dicos<\/li>\n<li>Comprender y aplicar los principios deontol&oacute;gico b&aacute;sicos ligados a las profesiones jur&iacute;dicas.<\/li>\n<li>Utilizar las t&eacute;cnicas inform&aacute;ticas para la obtenci&oacute;n de la informaci&oacute;n jur&iacute;dica (bases de datos de legislaci&oacute;n, jurisprudencia, bibliograf&iacute;a).<\/li>\n<li>Comprender el car&aacute;cter hist&oacute;rico del derecho y conocer el origen y la evoluci&oacute;n de los ordenamientos jur&iacute;dicos.<\/li>\n<\/ul>\n<p>[\/et_pb_toggle][\/et_pb_column][\/et_pb_row][\/et_pb_section]<\/p>\n","protected":false},"excerpt":{"rendered":"<p>Grado en Derecho SemipresencialSalidas profesionales &nbsp; Profesi&oacute;n regulada: NO 1. SECTOR PRIVADO (Ejercicio profesional):&ndash; Ejercicio profesional de la abogac&iacute;a con la posibilidad de incorporaci&oacute;n a grandes firmas de abogados.&ndash; Ejercicio profesional como Procurador de los Tribunales.&ndash; Actividades privadas de asesoramiento jur&iacute;dico: fiscal, laboral, administrativo o mercantil.&ndash; Empleo en el sector de los mercados financieros (Banca, [&hellip;]<\/p>\n","protected":false},"author":336,"featured_media":0,"parent":257,"menu_order":0,"comment_status":"closed","ping_status":"closed","template":"","meta":{"_et_pb_use_builder":"on","_et_pb_old_content":"<p><strong>Salidas profesionales<\/strong><\/p><div><p><b>Profesi\u00f3n regulada<\/b>: NO<\/p><p>1. SECTOR PRIVADO (Ejercicio profesional):<br \/>- Ejercicio profesional de la abogac\u00eda con la posibilidad de incorporaci\u00f3n a grandes firmas de abogados.<br \/>- Ejercicio profesional como Procurador de los Tribunales.<br \/>- Actividades privadas de asesoramiento jur\u00eddico: fiscal, laboral, administrativo o mercantil.<br \/>- Empleo en el sector de los mercados financieros (Banca, Seguros, Bolsa)<br \/>- Departamento jur\u00eddico de empresas.<br \/>- Departamentos de Recursos Humanos.<br \/>-Gesti\u00f3n de empleo y asesoramiento sociolaboral en sindicatos, servicios de empleo, de desarrollo local y promoci\u00f3n de empleo.<br \/>- Desarrollo de su profesi\u00f3n en el \u00e1mbito internacional en general y, en particular, en el espacio de la Uni\u00f3n Europea, tanto en el \u00e1mbito funcionarial como a trav\u00e9s de la incorporaci\u00f3n a las diversas instituciones internacionales tales como la OAMI (con sede en Alicante), ONU, OIT, UNESCO. Los especialistas en Derecho Comunitario e Internacional son cada vez m\u00e1s requeridos y la gesti\u00f3n en Programas de Iniciativa comunitaria es un \u00e1rea en expansi\u00f3n.<\/p><p>2. ACCESO A CUERPOS DE FUNCIONARIOS. CONCURSO OPOSICI\u00d3N:<br \/>Carrera Judicial:<br \/>- Jueces, Magistrados y Fiscales.<br \/>- Secretarios Judiciales.<br \/>- Cuerpos Jur\u00eddico-Militares.<br \/>Cuerpo de Letrados de altos Organismos Consultivos del Estado:<br \/>- Letrados de las Cortes.<br \/>- Letrados del Consejo de Estado.<br \/>- Letrados de la Direcci\u00f3n General de Registros y del Notariado.<br \/>- Letrados del Tribunal de Cuentas.<br \/>Letrados expertos de la Administraci\u00f3n del Estado:<br \/>- Cuerpo de Abogados del Estado.<br \/>- Letrados de Ministerios.<br \/>- Cuerpo diplom\u00e1tico.<br \/>Cuerpos T\u00e9cnicos de la Administraci\u00f3n del Estado:<br \/>- Cuerpo T\u00e9cnico General.<br \/>- Cuerpos T\u00e9cnicos Especiales.<br \/>- Inspectores de Trabajo.<br \/>- Inspectores de Tributos.<br \/>Funcionarios de las Corporaciones Locales y Entes Auton\u00f3micos<br \/>- T\u00e9cnicos de la Administraci\u00f3n General y abogados de las Corporaciones Locales.<br \/>- Secretarios, interventores de Ayuntamientos.<br \/>- Cuerpo de Administradores Generales de las CCAA<br \/>Cuerpo de Funcionarios no pertenecientes a la Administraci\u00f3n General del Estado:<br \/>- Agentes de Cambio y Bolsa.<br \/>- Notarios.<br \/>- Registradores de la Propiedad.<\/p><p>\u00a0<\/p><p><strong>\u00a0Competencias<\/strong><\/p><div><div><p><em>Competencias Generales<\/em><\/p><ul><li>Capacidad para la planificaci\u00f3n, organizaci\u00f3n, direcci\u00f3n y control de los sistemas y procesos, en un marco que garantice el respeto a los valores, derechos y principios b\u00e1sicos del ordenamiento jur\u00eddico, la competitividad empresarial, la protecci\u00f3n y conservaci\u00f3n del medio ambiente, y el desarrollo sostenible.<\/li><li>Habilidad para la aplicaci\u00f3n eficiente de herramientas conducentes a la soluci\u00f3n de problemas.<\/li><li>Capacidad para el desarrollo de nuevas l\u00edneas, procesos, proyectos y productos.<\/li><li>Capacidad cr\u00edtica y anal\u00edtica.<\/li><li>Capacidad para la evaluaci\u00f3n, optimizaci\u00f3n y confrontaci\u00f3n de criterios para la toma de decisiones.<\/li><li>Capacidad de comunicaci\u00f3n en lenguajes formales, gr\u00e1ficos y simb\u00f3licos y mediante la expresi\u00f3n oral y escrita.<\/li><li>Capacidad de direcci\u00f3n y coordinaci\u00f3n de personas.<\/li><li>Capacidad de trabajo en equipos multidisciplinares y multiculturales.<\/li><li>Capacidad de actualizaci\u00f3n de los conocimientos.<\/li><li>Capacidad de consolidaci\u00f3n, ampliaci\u00f3n e integraci\u00f3n de los conocimientos.<\/li><li>Capacidad de identificaci\u00f3n, interpretaci\u00f3n, formulaci\u00f3n y resoluci\u00f3n de problemas y situaciones.<\/li><li>Capacidad para la utilizaci\u00f3n de las herramientas e instrumentos necesarios para observar adecuadamente los sistemas objeto de estudio.<\/li><li>Conocimiento adecuado de las administraciones, empresas, instituciones, organismos p\u00fablicos y organizaciones en general, reglamentaciones y procedimientos necesarios para la realizaci\u00f3n de trabajos y otras actividades.<\/li><li>Disposici\u00f3n de metodolog\u00edas y destrezas de autoaprendizaje eficiente para la adaptaci\u00f3n y actualizaci\u00f3n de nuevos conocimientos y avances cient\u00edficos, as\u00ed como de la evoluci\u00f3n de las necesidades, para adoptar una aptitud de innovaci\u00f3n y creatividad en el ejercicio de la profesi\u00f3n.<\/li><\/ul><p><em>Competencias Espec\u00edficas<\/em><\/p><ul><li>Adquirir una conciencia cr\u00edtica en el an\u00e1lisis del ordenamiento jur\u00eddico.<\/li><li>Dominar el sistema institucional y la forma compleja de producci\u00f3n del derecho en sus diferentes niveles: local, auton\u00f3mico, estatal, europeo e internacional.<\/li><li>Desarrollar y estructurar normativas<\/li><li>Comprender y aplicar los principios b\u00e1sicos de argumentaci\u00f3n jur\u00eddica.<\/li><li>Comprender la posici\u00f3n jur\u00eddica de los ciudadanos en sus relaciones con las administraciones p\u00fablicas y en general con los poderes p\u00fablicos.<\/li><li>Comprender y conocer c\u00f3mo funciona la empresa como sistema, sus principales \u00e1reas funcionales y la incidencia del ordenamiento mercantil, laboral y tributario en su creaci\u00f3n y desarrollo.<\/li><li>Conocer las principales instituciones jur\u00eddico-p\u00fablicas.<\/li><li>Interpretar la informaci\u00f3n contable adecuadamente y comprender las relaciones entre la contabilidad y las diversas parcelas del ordenamiento jur\u00eddico.<\/li><li>Adquirir los conocimientos b\u00e1sicos de las principales teor\u00edas y herramientas de la ciencia econ\u00f3mica y capacidad para razonar en t\u00e9rminos econ\u00f3micos.<\/li><li>Ser capaz de localizar y gestionar informaci\u00f3n de car\u00e1cter econ\u00f3mico<\/li><li>Dominar los procesos de mediaci\u00f3n y negociaci\u00f3n<\/li><li>Tomar conciencia de la importancia del Derecho como sistema regulador de las relaciones sociales.<\/li><li>Conseguir la percepci\u00f3n del car\u00e1cter unitario del ordenamiento jur\u00eddico y de la necesaria visi\u00f3n interdisciplinar de los problemas jur\u00eddicos.<\/li><li>Interpretar los principios y valores constitucionales como herramienta de trabajo en la aplicaci\u00f3n del ordenamiento jur\u00eddico, interno, comunitario e internacional.<\/li><li>Manejar fuentes jur\u00eddicas (legales, jurisprudenciales y doctrinales).<\/li><li>Comprender y conocer el funcionamiento de las diversas administraciones p\u00fablicas y saber relacionarse adecuadamente con ellas.<\/li><li>Leer e interpretar textos jur\u00eddicos.<\/li><li>Actuar ante los diversos \u00f3rdenes jurisdiccionales internos, comunitarios e internacionales.<\/li><li>Conocer las principales instituciones jur\u00eddico-privadas.<\/li><li>Gestionar y asesorar desde el punto de vista jur\u00eddico a las empresas, asociaciones y dem\u00e1s entidades<\/li><li>Conocer el proceso de administraci\u00f3n, los roles que desempe\u00f1a la direcci\u00f3n, y las fases en el proceso de creaci\u00f3n de empresas.<\/li><li>Utilizar las habilidades de comunicaci\u00f3n para expresarse apropiadamente ante un auditorio especializado.<\/li><li>Redactar escritos jur\u00eddicos<\/li><li>Comprender y aplicar los principios deontol\u00f3gico b\u00e1sicos ligados a las profesiones jur\u00eddicas.<\/li><li>Utilizar las t\u00e9cnicas inform\u00e1ticas para la obtenci\u00f3n de la informaci\u00f3n jur\u00eddica (bases de datos de legislaci\u00f3n, jurisprudencia, bibliograf\u00eda).<\/li><li>Comprender el car\u00e1cter hist\u00f3rico del derecho y conocer el origen y la evoluci\u00f3n de los ordenamientos jur\u00eddicos.<\/li><\/ul><\/div><div>\u00a0<\/div><\/div><\/div>","_et_gb_content_width":"","ngg_post_thumbnail":0,"_links_to":"","_links_to_target":""},"_links":{"self":[{"href":"https:\/\/derechosemipresencial.umh.es\/ca\/wp-json\/wp\/v2\/pages\/493"}],"collection":[{"href":"https:\/\/derechosemipresencial.umh.es\/ca\/wp-json\/wp\/v2\/pages"}],"about":[{"href":"https:\/\/derechosemipresencial.umh.es\/ca\/wp-json\/wp\/v2\/types\/page"}],"author":[{"embeddable":true,"href":"https:\/\/derechosemipresencial.umh.es\/ca\/wp-json\/wp\/v2\/users\/336"}],"replies":[{"embeddable":true,"href":"https:\/\/derechosemipresencial.umh.es\/ca\/wp-json\/wp\/v2\/comments?post=493"}],"version-history":[{"count":0,"href":"https:\/\/derechosemipresencial.umh.es\/ca\/wp-json\/wp\/v2\/pages\/493\/revisions"}],"up":[{"embeddable":true,"href":"https:\/\/derechosemipresencial.umh.es\/ca\/wp-json\/wp\/v2\/pages\/257"}],"wp:attachment":[{"href":"https:\/\/derechosemipresencial.umh.es\/ca\/wp-json\/wp\/v2\/media?parent=493"}],"curies":[{"name":"wp","href":"https:\/\/api.w.org\/{rel}","templated":true}]}}